{"id":431,"date":"2023-03-09T15:34:39","date_gmt":"2023-03-09T14:34:39","guid":{"rendered":"http:\/\/www.azimutbenetti.com\/?page_id=431"},"modified":"2025-12-12T11:00:59","modified_gmt":"2025-12-12T10:00:59","slug":"il-nostro-dna","status":"publish","type":"page","link":"https:\/\/www.azimutbenetti.com\/it\/il-nostro-dna\/","title":{"rendered":"Il nostro DNA"},"content":{"rendered":"\n<div class=\"wp-block-group thor-maxwidth-lg is-layout-constrained wp-block-group-is-layout-constrained\">\n<h2 class=\"wp-block-heading has-text-align-center is-style-sans-with-animation is-style-with-animation has-3-5-xl-font-size\">Un\u2019impresa d\u2019eccellenza dall\u2019anima familiare.<\/h2>\n\n\n\n<div style=\"height:30px\" aria-hidden=\"true\" class=\"wp-block-spacer thor-hidden-sm thor-hidden-md\"><\/div>\n\n\n\n<div style=\"height:30px\" aria-hidden=\"true\" class=\"wp-block-spacer\"><\/div>\n<\/div>\n\n\n\n<div class=\"wp-block-group thor-maxwidth-md is-layout-constrained wp-block-group-is-layout-constrained\">\n<p class=\"has-text-align-center is-style-sans-with-animation has-small-font-size\">L&#8217;obiettivo di realizzare gli yacht pi\u00f9 belli, innovativi, tecnologici e affidabili, e poter fornire l&#8217;assistenza sempre e in ogni parte del mondo, necessita di grande passione e condivisione di valori, come in una grande famiglia. Cosi, ogni nuova decisione o percorso del gruppo sono ispirati dall&#8217;amore per il mare, dall&#8217;innovazione basata su una solida tradizione di eccellenza e di saper fare e dall&#8217;impegno di perseguire oggi nuove soluzioni per un futuro della nautica sempre pi\u00f9 consapevole e sostenibile. Questa e la vocazione con cui la famiglia Vitelli, da sempre, guida il gruppo Azimut|Benetti. Una cultura imprenditoriale che, nel senso di famiglia e sulla valorizzazione dei talenti interni, ha costruito la propria stabilita, necessaria per cogliere e anticipare le opportunit\u00e0 del futuro.<\/p>\n<\/div>\n\n\n\n<div style=\"height:90px\" aria-hidden=\"true\" class=\"wp-block-spacer thor-hidden-sm thor-hidden-md\"><\/div>\n\n\n\n<div style=\"height:90px\" aria-hidden=\"true\" class=\"wp-block-spacer\"><\/div>\n\n\n<div id=\"thor-alternate-block_7ab850d1a589b899ab77245d236ab25f\" class=\"thor-alternate\" data-animations=\"\">\n                  <div class=\"alternate grid-list two no-gap  sticky-element  right\">\n        <div class=\"media  image   sticky-element \">\n                      <picture>\n              <img decoding=\"async\" src=\"https:\/\/www.azimutbenetti.com\/app\/uploads\/2023\/03\/Paolo-Vitelli_Founder-and-Chairman-2-1.png\" alt=\"Paolo Vitelli_Founder and Chairman (2) 1\">\n            <\/picture>\n          \n          \n          \n          \n          \n                  <\/div>\n\n        <div class=\"content-wrapper   sticky-element \">\n          <div class=\"content\">\n            <div class=\"plain\">\n                          <\/div>\n\n            \n                          <div class=\"sticky-content-section\">\n                                      <h5 class=\"title\">Paolo Vitelli<\/h5>\n                  \n                                  <div class=\"subtitle\"><p><em>Fondatore<\/em><\/p>\n<\/div>\n                \n                                      <div class=\"text\"><p>Nato a Torino nel 1947 da una famiglia di imprenditori, a soli ventun anni fonda Azimut per realizzare il suo sogno: intraprendere un\u2019attivit\u00e0 in proprio che gli consenta di occuparsi professionalmente della sua grande passione per le barche e il navigare.<\/p>\n<p>&nbsp;<\/p>\n<p>Dopo la laurea in Economia e Commercio, a 22 anni, diventa importatore per l\u2019Italia di imbarcazioni prodotte da alcuni fra i pi\u00f9 prestigiosi cantieri del Nord Europa. Questa esperienza gli fa intuire che il futuro della nautica sta nella produzione in serie volta a costruire imbarcazioni affidabili e sicure con il gusto e lo stile italiani. Inizia cos\u00ec una produzione a marchio proprio.<\/p>\n<p>&nbsp;<\/p>\n<p>A met\u00e0 degli anni Settanta, Azimut vara una serie di imbarcazioni che riscuotono un grande successo. Negli anni a seguire, Vitelli amplia la gamma di modelli che vanno dagli 8-10 metri a imbarcazioni pi\u00f9 grandi, fino all\u2019iconico Azimut Failaka 105\u2019 (30,8 metri), venduto anche alla famiglia Onassis, e da il via all\u2019esportazioni nel Nord America, nel Sud Est Asiatico e nel Medio Oriente. Negli anni Ottanta, Vitelli acquisisce i Cantieri Benetti, marchio viareggino ricco di una storia ultracentenaria, e d\u00e0 vita al Gruppo Azimut|Benetti.<\/p>\n<p>&nbsp;<\/p>\n<p>Gli anni Novanta segnano un periodo di espansione ininterrotta e continuativa, ogni anno la totalit\u00e0 dei proventi vengono investiti nello sviluppo dell\u2019azienda stessa. La guida appassionata e illuminata di Paolo Vitelli, gi\u00e0 a met\u00e0 del decennio, permette al Gruppo di raggiungere un fatturato di 100 miliardi di lire, che nel 2003 toccher\u00e0 i 403 milioni di euro. Oltre all\u2019espansione sui mercati internazionali, Vitelli intuisce che \u00e8 l\u2019innovazione nel prodotto a conferire all\u2019azienda una forte connotazione di affidabilit\u00e0 e prestigio. Cos\u00ec, punta a realizzare barche caratterizzate da un preciso stile, eleganza e dalla forte innovazione, introducendo layout degli interni e nel design che saranno, in seguito, imitate in tutto il mondo nautico. Scelta che, nel 2000, porta il Gruppo Azimut|Benetti a conquistare il titolo di primo produttore al mondo di megayacht, un primato che mantiene ininterrottamente da 23 anni.<\/p>\n<p>&nbsp;<\/p>\n<p>Negli anni Duemila, forte della solidit\u00e0 finanziaria acquisita, Vitelli amplia i siti produttivi, acquista nuovi cantieri e rafforza la rete dei centri di assistenza tecnica per i clienti e realizza alcuni porti turistici come la Marina di Varazze, la Marina di Mosca, la Marina di Valletta a Malta e la Marina di Livorno. Durante questo periodo, Vitelli si conferma imprenditore visionario continuando ad investire, primo nel mondo nautico, nell\u2019innovazione tecnologica in un\u2019ottica di eco-sostenibilit\u00e0, volta a conseguire una sempre maggiore riduzione delle emissioni ed efficienza propulsiva, con carene sempre pi\u00f9 performanti, propulsioni sempre meno inquinanti e l\u2019uso di nuovi materiali quali la fibra di carbonio per alleggerire il manufatto.<\/p>\n<p>Negli ultimi anni alla guida dell\u2019azienda, Vitelli ha consolidato il Gruppo rafforzando il management e completando il passaggio generazionale che ha condotto la figlia, Giovanna Vitelli, alla Presidenza nel 2023.<\/p>\n<\/div>\n                                <\/div>\n                      <\/div>\n        <\/div>\n      <\/div>\n                <div class=\"alternate grid-list two no-gap  sticky-element  right\">\n        <div class=\"media  image   sticky-element \">\n                      <picture>\n              <img decoding=\"async\" src=\"https:\/\/www.azimutbenetti.com\/app\/uploads\/2023\/03\/Giovanna-Vitelli_Vice-President-Azimut-Benetti-Group-3-1.png\" alt=\"Giovanna Vitelli_Vice President Azimut Benetti Group (3) 1\">\n            <\/picture>\n          \n          \n          \n          \n          \n                  <\/div>\n\n        <div class=\"content-wrapper   sticky-element \">\n          <div class=\"content\">\n            <div class=\"plain\">\n                          <\/div>\n\n            \n                          <div class=\"sticky-content-section\">\n                                      <h5 class=\"title\">Giovanna Vitelli<\/h5>\n                  \n                                  <div class=\"subtitle\"><p><em>Presidente del Gruppo Azimut Benetti<\/em><\/p>\n<\/div>\n                \n                                      <div class=\"text\"><p>Dal 2000 \u00e8 membro del Consiglio di Amministrazione di Azimut|Benetti SpA. A partire dal 2004 ha intensificato la sua partecipazione attiva nell\u2019azienda di famiglia, con un focus sulla strategia aziendale e sullo sviluppo di prodotto, arrivando infine a ricoprire la carica di Vice-Presidente Esecutivo con direzione sullo sviluppo dei nuovi modelli e sull\u2019R&amp;D del Gruppo.<\/p>\n<p>&nbsp;<\/p>\n<p>In particolare, si deve al suo contributo l\u2019apertura della nautica verso designer esterni e la spinta verso soluzioni propulsive innovative, riuscendo a unire, con uno sguardo concreto al presente, \u00abquello che \u00e8 possibile adesso\u00bb, con una forte ambizione per il futuro della nautica sostenibile.<br \/>\nDa marzo 2023 ricopre la carica di Presidente del Gruppo.<\/p>\n<p>&nbsp;<\/p>\n<p>La passione per la nautica e la volont\u00e0 di lavorare attivamente per promuovere uno sviluppo positivo di questo settore in Italia ed Europa, la portano a prendere parte al Consiglio di Amministrazione di Marina di Varazze S.r.l., societ\u00e0 dedicata alla costruzione e gestione del porto turistico di Varazze, e di Lusben Varazze Srl, societ\u00e0 dedicata alla riparazione e rinnovamento di barche da diporto. Siede inoltre nel comitato esecutivo di Boot Messe D\u00fcsseldorf, che gestisce l\u2019organizzazione del Salone Nautico Internazionale della Fiera di D\u00fcsseldorf ed \u00e8 Vice Presidente di Sybass, l\u2019associazione internazionale dei grandi produttori di megayacht. Si dedica alla promozione del Made in Italy nel mondo, non solo in qualit\u00e0 di Vice Presidente Azimut|Benetti, i cui yacht sono rappresentativi di un\u2019eleganza e di uno stile tipicamente associati alle eccellenze del nostro Paese, ma anche come Presidente della Fondazione Altagamma, che riunisce le imprese dell\u2019alta industria culturale e creativa italiana, ambasciatrici dello stile italiano nel mondo.<\/p>\n<p>&nbsp;<\/p>\n<p>\u00c8 membro del Consiglio di Amministrazione di Breithorn Srl, societ\u00e0 dedicata alla gestione del Grand Hotel des Alpes a Chamonix, dell&#8217;Hotellerie de Mascognaz e dell&#8217;Hotel Breithorn a Champoluc (Aosta). Infine, \u00e8 membro del Consiglio di Amministrazione di Buzzi Unicem Spa, multinazionale italiana specializzata nella produzione di cemento e calcestruzzo.<\/p>\n<p>&nbsp;<\/p>\n<p>Dal 2018 \u00e8 Console Onorario di Norvegia per il Piemonte.<\/p>\n<\/div>\n                                <\/div>\n                      <\/div>\n        <\/div>\n      <\/div>\n                <div class=\"alternate grid-list two no-gap  sticky-element  right\">\n        <div class=\"media  image   sticky-element \">\n                      <picture>\n              <img decoding=\"async\" src=\"https:\/\/www.azimutbenetti.com\/app\/uploads\/2023\/03\/Marco-Valle_Ceo-Azimut-Yachts-4-1.png\" alt=\"Marco Valle_Ceo Azimut Yachts (4) 1\">\n            <\/picture>\n          \n          \n          \n          \n          \n                  <\/div>\n\n        <div class=\"content-wrapper   sticky-element \">\n          <div class=\"content\">\n            <div class=\"plain\">\n                          <\/div>\n\n            \n                          <div class=\"sticky-content-section\">\n                                      <h5 class=\"title\">Marco Valle <\/h5>\n                  \n                                  <div class=\"subtitle\"><p><em>Amministratore Delegato del Gruppo<\/em><\/p>\n<\/div>\n                \n                                      <div class=\"text\"><p>Vanta oltre 25 anni di esperienza nel Gruppo Azimut|Benetti ed \u00e8 l\u2019esempio di valorizzazione dei talenti che l\u2019azienda persegue da sempre.<\/p>\n<p>Nel 1996 muove i primi passi all\u2019interno della divisione commerciale di Azimut Yachts. Intraprende da subito un percorso di crescita professionale che lo porta a ricoprire incarichi sempre pi\u00f9 importanti, fino a quello di Direttore Commerciale Mondo Azimut Yachts fino al 31 agosto 2016. Dal 1\u00b0 settembre 2017 Marco Valle \u00e8 il nuovo Amministratore Delegato di Azimut Yachts e assume la responsabilit\u00e0 dei risultati economici e gestionali della business line.<\/p>\n<p>Dal 1\u00b0 settembre 2020 Marco Valle \u00e8 il nuovo Amministratore Delegato di Gruppo.<\/p>\n<\/div>\n                                <\/div>\n                      <\/div>\n        <\/div>\n      <\/div>\n      <\/div>\n\n\n<div style=\"height:90px\" aria-hidden=\"true\" class=\"wp-block-spacer thor-hidden-sm thor-hidden-md\"><\/div>\n\n\n\n<div style=\"height:90px\" aria-hidden=\"true\" class=\"wp-block-spacer\"><\/div>\n\n\n\n<div class=\"wp-block-group alignfull thor-maxwidth-3xl thor-hidden-sm thor-hidden-md is-layout-constrained wp-block-group-is-layout-constrained\"><div id=\"thor-cards-block_c8f635b01f6f1ef6583009dcd618cd9b\" class=\"thor-cards alignfull grid-list  two   no-gap \" data-animations=\"\">\n          <div class=\"card logos-bottom  \"         style=\"min-height:100vh\"\n    >\n              <picture class=\"background-image\">\n          <img decoding=\"async\" src=\"https:\/\/www.azimutbenetti.com\/app\/uploads\/2023\/05\/CHISIAMO_00.jpg\" alt=\"CHISIAMO_00\">\n        <\/picture>\n      \n              <div class=\"overlay\" style=\"background-color: #1d1d1b; opacity:0.4;\"><\/div>\n      \n      \n      <div class=\"content  no-logos \">\n                  <h3 class=\"title\">Chi siamo<\/h3>\n        \n        \n                  <a href=\"https:\/\/www.azimutbenetti.com\/it\/chi-siamo\/\" class=\"cta\">Scopri di pi\u00f9<\/a>\n              <\/div>\n\n          <\/div>\n          <div class=\"card logos-bottom  \"         style=\"min-height:100vh\"\n    >\n              <picture class=\"background-image\">\n          <img decoding=\"async\" src=\"https:\/\/www.azimutbenetti.com\/app\/uploads\/2023\/05\/CANTIERI_00.jpg\" alt=\"CANTIERI_00\">\n        <\/picture>\n      \n              <div class=\"overlay\" style=\"background-color: #1d1d1b; opacity:0.4;\"><\/div>\n      \n      \n      <div class=\"content  no-logos \">\n                  <h3 class=\"title\">Cantieri<\/h3>\n        \n        \n                  <a href=\"https:\/\/www.azimutbenetti.com\/it\/cantieri\/\" class=\"cta\">Scopri di pi\u00f9<\/a>\n              <\/div>\n\n          <\/div>\n  <\/div><\/div>\n\n\n\n<div class=\"wp-block-group alignfull thor-maxwidth-3xl thor-hidden-lg thor-hidden-xl is-layout-constrained wp-block-group-is-layout-constrained\"><div id=\"thor-cards-block_08e432767900b0970e657877d21fbfd2\" class=\"thor-cards alignfull grid-list  two   no-gap \" data-animations=\"\">\n          <div class=\"card logos-bottom  \"         style=\"min-height:50vh\"\n    >\n              <picture class=\"background-image\">\n          <img decoding=\"async\" src=\"https:\/\/www.azimutbenetti.com\/app\/uploads\/2023\/05\/CHISIAMO_00.jpg\" alt=\"CHISIAMO_00\">\n        <\/picture>\n      \n              <div class=\"overlay\" style=\"background-color: #1d1d1b; opacity:0.4;\"><\/div>\n      \n      \n      <div class=\"content  no-logos \">\n                  <h3 class=\"title\">Chi siamo<\/h3>\n        \n        \n                  <a href=\"https:\/\/www.azimutbenetti.com\/it\/chi-siamo\/\" class=\"cta\">Scopri di pi\u00f9<\/a>\n              <\/div>\n\n          <\/div>\n          <div class=\"card logos-bottom  \"         style=\"min-height:50vh\"\n    >\n              <picture class=\"background-image\">\n          <img decoding=\"async\" src=\"https:\/\/www.azimutbenetti.com\/app\/uploads\/2023\/05\/CANTIERI_00.jpg\" alt=\"CANTIERI_00\">\n        <\/picture>\n      \n              <div class=\"overlay\" style=\"background-color: #1d1d1b; opacity:0.4;\"><\/div>\n      \n      \n      <div class=\"content  no-logos \">\n                  <h3 class=\"title\">Cantieri<\/h3>\n        \n        \n                  <a href=\"https:\/\/www.azimutbenetti.com\/it\/cantieri\/\" class=\"cta\">Scopri di pi\u00f9<\/a>\n              <\/div>\n\n          <\/div>\n  <\/div><\/div>\n","protected":false},"excerpt":{"rendered":"<p>Un\u2019impresa d\u2019eccellenza dall\u2019anima familiare. L&#8217;obiettivo di realizzare gli yacht pi\u00f9 belli, innovativi, tecnologici e affidabili, e poter fornire l&#8217;assistenza sempre&#8230;<\/p>\n","protected":false},"author":1,"featured_media":0,"parent":0,"menu_order":0,"comment_status":"closed","ping_status":"closed","template":"","meta":{"_acf_changed":false,"inline_featured_image":false,"footnotes":""},"class_list":["post-431","page","type-page","status-publish","hentry"],"acf":[],"yoast_head":"<!-- This site is optimized with the Yoast SEO plugin v26.9 - https:\/\/yoast.com\/product\/yoast-seo-wordpress\/ -->\n<title>Il nostro DNA - Azimut|Benetti Group<\/title>\n<meta name=\"description\" content=\"Oltre 50 anni di storia. Scopri il DNA Azimut Benetti Group: una cultura d&#039;impresa fondata su passione e talento per creare yacht di lusso inimitabili.\" \/>\n<meta name=\"robots\" content=\"index, follow, max-snippet:-1, max-image-preview:large, max-video-preview:-1\" \/>\n<link rel=\"canonical\" href=\"https:\/\/www.azimutbenetti.com\/it\/il-nostro-dna\/\" \/>\n<meta property=\"og:locale\" content=\"it_IT\" \/>\n<meta property=\"og:type\" content=\"article\" \/>\n<meta property=\"og:title\" content=\"Il nostro DNA - Azimut|Benetti Group\" \/>\n<meta property=\"og:description\" content=\"Oltre 50 anni di storia. Scopri il DNA Azimut Benetti Group: una cultura d&#039;impresa fondata su passione e talento per creare yacht di lusso inimitabili.\" \/>\n<meta property=\"og:url\" content=\"https:\/\/www.azimutbenetti.com\/it\/il-nostro-dna\/\" \/>\n<meta property=\"og:site_name\" content=\"Azimut|Benetti Group\" \/>\n<meta property=\"article:modified_time\" content=\"2025-12-12T10:00:59+00:00\" \/>\n<meta property=\"og:image\" content=\"https:\/\/www.azimutbenetti.com\/app\/uploads\/2023\/04\/YACHT_00.jpg\" \/>\n\t<meta property=\"og:image:width\" content=\"1300\" \/>\n\t<meta property=\"og:image:height\" content=\"1500\" \/>\n\t<meta property=\"og:image:type\" content=\"image\/jpeg\" \/>\n<meta name=\"twitter:card\" content=\"summary_large_image\" \/>\n<meta name=\"twitter:label1\" content=\"Tempo di lettura stimato\" \/>\n\t<meta name=\"twitter:data1\" content=\"1 minuto\" \/>\n<script type=\"application\/ld+json\" class=\"yoast-schema-graph\">{\"@context\":\"https:\/\/schema.org\",\"@graph\":[{\"@type\":\"WebPage\",\"@id\":\"https:\/\/www.azimutbenetti.com\/it\/il-nostro-dna\/\",\"url\":\"https:\/\/www.azimutbenetti.com\/it\/il-nostro-dna\/\",\"name\":\"Il nostro DNA - Azimut|Benetti Group\",\"isPartOf\":{\"@id\":\"https:\/\/www.azimutbenetti.com\/#website\"},\"datePublished\":\"2023-03-09T14:34:39+00:00\",\"dateModified\":\"2025-12-12T10:00:59+00:00\",\"description\":\"Oltre 50 anni di storia. Scopri il DNA Azimut Benetti Group: una cultura d'impresa fondata su passione e talento per creare yacht di lusso inimitabili.\",\"breadcrumb\":{\"@id\":\"https:\/\/www.azimutbenetti.com\/it\/il-nostro-dna\/#breadcrumb\"},\"inLanguage\":\"it-IT\",\"potentialAction\":[{\"@type\":\"ReadAction\",\"target\":[\"https:\/\/www.azimutbenetti.com\/it\/il-nostro-dna\/\"]}]},{\"@type\":\"BreadcrumbList\",\"@id\":\"https:\/\/www.azimutbenetti.com\/it\/il-nostro-dna\/#breadcrumb\",\"itemListElement\":[{\"@type\":\"ListItem\",\"position\":1,\"name\":\"Home\",\"item\":\"https:\/\/www.azimutbenetti.com\/it\/\"},{\"@type\":\"ListItem\",\"position\":2,\"name\":\"Il nostro DNA\"}]},{\"@type\":\"WebSite\",\"@id\":\"https:\/\/www.azimutbenetti.com\/#website\",\"url\":\"https:\/\/www.azimutbenetti.com\/\",\"name\":\"Azimut|Benetti Group\",\"description\":\"In Mare. La bellezza. Il futuro. Un Gruppo.\",\"publisher\":{\"@id\":\"https:\/\/www.azimutbenetti.com\/#organization\"},\"potentialAction\":[{\"@type\":\"SearchAction\",\"target\":{\"@type\":\"EntryPoint\",\"urlTemplate\":\"https:\/\/www.azimutbenetti.com\/?s={search_term_string}\"},\"query-input\":{\"@type\":\"PropertyValueSpecification\",\"valueRequired\":true,\"valueName\":\"search_term_string\"}}],\"inLanguage\":\"it-IT\"},{\"@type\":\"Organization\",\"@id\":\"https:\/\/www.azimutbenetti.com\/#organization\",\"name\":\"Azimut | Benetti\",\"url\":\"https:\/\/www.azimutbenetti.com\/\",\"logo\":{\"@type\":\"ImageObject\",\"inLanguage\":\"it-IT\",\"@id\":\"https:\/\/www.azimutbenetti.com\/#\/schema\/logo\/image\/\",\"url\":\"https:\/\/www.azimutbenetti.com\/app\/uploads\/2023\/04\/cropped-FAVICON_01.png\",\"contentUrl\":\"https:\/\/www.azimutbenetti.com\/app\/uploads\/2023\/04\/cropped-FAVICON_01.png\",\"width\":512,\"height\":512,\"caption\":\"Azimut | Benetti\"},\"image\":{\"@id\":\"https:\/\/www.azimutbenetti.com\/#\/schema\/logo\/image\/\"}}]}<\/script>\n<!-- \/ Yoast SEO plugin. -->","yoast_head_json":{"title":"Il nostro DNA - Azimut|Benetti Group","description":"Oltre 50 anni di storia. Scopri il DNA Azimut Benetti Group: una cultura d'impresa fondata su passione e talento per creare yacht di lusso inimitabili.","robots":{"index":"index","follow":"follow","max-snippet":"max-snippet:-1","max-image-preview":"max-image-preview:large","max-video-preview":"max-video-preview:-1"},"canonical":"https:\/\/www.azimutbenetti.com\/it\/il-nostro-dna\/","og_locale":"it_IT","og_type":"article","og_title":"Il nostro DNA - Azimut|Benetti Group","og_description":"Oltre 50 anni di storia. Scopri il DNA Azimut Benetti Group: una cultura d'impresa fondata su passione e talento per creare yacht di lusso inimitabili.","og_url":"https:\/\/www.azimutbenetti.com\/it\/il-nostro-dna\/","og_site_name":"Azimut|Benetti Group","article_modified_time":"2025-12-12T10:00:59+00:00","og_image":[{"width":1300,"height":1500,"url":"https:\/\/www.azimutbenetti.com\/app\/uploads\/2023\/04\/YACHT_00.jpg","type":"image\/jpeg"}],"twitter_card":"summary_large_image","twitter_misc":{"Tempo di lettura stimato":"1 minuto"},"schema":{"@context":"https:\/\/schema.org","@graph":[{"@type":"WebPage","@id":"https:\/\/www.azimutbenetti.com\/it\/il-nostro-dna\/","url":"https:\/\/www.azimutbenetti.com\/it\/il-nostro-dna\/","name":"Il nostro DNA - Azimut|Benetti Group","isPartOf":{"@id":"https:\/\/www.azimutbenetti.com\/#website"},"datePublished":"2023-03-09T14:34:39+00:00","dateModified":"2025-12-12T10:00:59+00:00","description":"Oltre 50 anni di storia. Scopri il DNA Azimut Benetti Group: una cultura d'impresa fondata su passione e talento per creare yacht di lusso inimitabili.","breadcrumb":{"@id":"https:\/\/www.azimutbenetti.com\/it\/il-nostro-dna\/#breadcrumb"},"inLanguage":"it-IT","potentialAction":[{"@type":"ReadAction","target":["https:\/\/www.azimutbenetti.com\/it\/il-nostro-dna\/"]}]},{"@type":"BreadcrumbList","@id":"https:\/\/www.azimutbenetti.com\/it\/il-nostro-dna\/#breadcrumb","itemListElement":[{"@type":"ListItem","position":1,"name":"Home","item":"https:\/\/www.azimutbenetti.com\/it\/"},{"@type":"ListItem","position":2,"name":"Il nostro DNA"}]},{"@type":"WebSite","@id":"https:\/\/www.azimutbenetti.com\/#website","url":"https:\/\/www.azimutbenetti.com\/","name":"Azimut|Benetti Group","description":"In Mare. La bellezza. Il futuro. Un Gruppo.","publisher":{"@id":"https:\/\/www.azimutbenetti.com\/#organization"},"potentialAction":[{"@type":"SearchAction","target":{"@type":"EntryPoint","urlTemplate":"https:\/\/www.azimutbenetti.com\/?s={search_term_string}"},"query-input":{"@type":"PropertyValueSpecification","valueRequired":true,"valueName":"search_term_string"}}],"inLanguage":"it-IT"},{"@type":"Organization","@id":"https:\/\/www.azimutbenetti.com\/#organization","name":"Azimut | Benetti","url":"https:\/\/www.azimutbenetti.com\/","logo":{"@type":"ImageObject","inLanguage":"it-IT","@id":"https:\/\/www.azimutbenetti.com\/#\/schema\/logo\/image\/","url":"https:\/\/www.azimutbenetti.com\/app\/uploads\/2023\/04\/cropped-FAVICON_01.png","contentUrl":"https:\/\/www.azimutbenetti.com\/app\/uploads\/2023\/04\/cropped-FAVICON_01.png","width":512,"height":512,"caption":"Azimut | Benetti"},"image":{"@id":"https:\/\/www.azimutbenetti.com\/#\/schema\/logo\/image\/"}}]}},"_links":{"self":[{"href":"https:\/\/www.azimutbenetti.com\/it\/wp-json\/wp\/v2\/pages\/431","targetHints":{"allow":["GET"]}}],"collection":[{"href":"https:\/\/www.azimutbenetti.com\/it\/wp-json\/wp\/v2\/pages"}],"about":[{"href":"https:\/\/www.azimutbenetti.com\/it\/wp-json\/wp\/v2\/types\/page"}],"author":[{"embeddable":true,"href":"https:\/\/www.azimutbenetti.com\/it\/wp-json\/wp\/v2\/users\/1"}],"replies":[{"embeddable":true,"href":"https:\/\/www.azimutbenetti.com\/it\/wp-json\/wp\/v2\/comments?post=431"}],"version-history":[{"count":130,"href":"https:\/\/www.azimutbenetti.com\/it\/wp-json\/wp\/v2\/pages\/431\/revisions"}],"predecessor-version":[{"id":5777,"href":"https:\/\/www.azimutbenetti.com\/it\/wp-json\/wp\/v2\/pages\/431\/revisions\/5777"}],"wp:attachment":[{"href":"https:\/\/www.azimutbenetti.com\/it\/wp-json\/wp\/v2\/media?parent=431"}],"curies":[{"name":"wp","href":"https:\/\/api.w.org\/{rel}","templated":true}]}}